{"id":3087,"date":"2019-04-23T10:13:06","date_gmt":"2019-04-23T08:13:06","guid":{"rendered":"https:\/\/polowiec.pl\/?page_id=3087"},"modified":"2019-04-23T20:47:33","modified_gmt":"2019-04-23T18:47:33","slug":"dane-osobowe","status":"publish","type":"page","link":"https:\/\/polowiec.pl\/en\/dane-osobowe\/","title":{"rendered":"Dane osobowe"},"content":{"rendered":"<p style=\"text-align: center;\">&nbsp;<span style=\"font-size: 12pt;\"><strong>Ochrona danych osobowych<\/strong><\/span><\/p>\n<p>&nbsp;<\/p>\n<p><strong>Szanowny U\u017cytkowniku,<\/strong><\/p>\n<p><strong>prosimy o uwa\u017cne zapoznanie si\u0119 z poni\u017cszymi informacjami:<\/strong><\/p>\n<p>W zwi\u0105zku z realizacj\u0105 wymog&oacute;w Rozporz\u0105dzenia Parlamentu Europejskiego i Rady (UE) 2016\/679 w sprawie ochrony danych osobowych os&oacute;b fizycznych w zwi\u0105zku z przetwarzaniem danych osobowych i w sprawie swobodnego przep\u0142ywu takich danych oraz uchylenia dyrektywy 95\/46\/WE (og&oacute;lne rozporz\u0105dzenie o ochronie danych osobowych, dalej: Rozporz\u0105dzenie) Polowiec i Wsp&oacute;lnicy sp.j., ul. Kielecka 8\/1, 31 &ndash; 526 Krak&oacute;w informuje o&nbsp;zasadach przetwarzania danych osobowych:<\/p>\n<ol>\n<li><strong>&nbsp;Administrator danych<br \/><\/strong>Administratorem Pani\/Pana danych jest Polowiec i Wsp&oacute;lnicy sp.j. z siedzib\u0105 w&nbsp;Krakowie przy ul.&nbsp;Kieleckiej 8\/, 31 &#8211; 526 Krak&oacute;w, wpisan\u0105 do rejestru przedsi\u0119biorc&oacute;w prowadzonego przez S\u0105d Rejonowy dla Krakowa &#8211; \u015ar&oacute;dmie\u015bcia w Krakowie, XI Wydzia\u0142 Gospodarczy pod numerem KRS 0000370282,&nbsp;NIP 6751440375 tel. 48 12 417 72 38, email: <a href=\"mailto:biuro@polowiec\" style=\"background-color: #ffffff;\">biuro@polowiec<\/a>.pl zwany dalej &bdquo;Polowiec i Wsp&oacute;lnicy&rdquo;.\n<\/li>\n<li><strong>Kategorie danych osobowych<br \/><\/strong>Polowiec i Wsp&oacute;lnicy przetwarza nast\u0119puj\u0105ce kategorie danych: dane identyfikacyjne, dane adresowe oraz dane kontaktowe oraz dane niezb\u0119dne do cel&oacute;w w kt&oacute;rych Polowiec i Wsp&oacute;lnicy przetwarza dane.\n<\/li>\n<li><strong>Cele oraz podstawa prawna przetwarzania danych osobowych<br \/><\/strong>Dane osobowe mog\u0105 by\u0107 przetwarzane przez Polowiec i Wsp&oacute;lnicy w nast\u0119puj\u0105cych celach:<strong><br \/><\/strong>\n<ul>\n<li>wykonywania czynno\u015bci zwi\u0105zanych z bie\u017c\u0105c\u0105 dzia\u0142alno\u015bci\u0105 Polowiec i Wsp&oacute;lnicy, a&nbsp;w&nbsp;szczeg&oacute;lno\u015bci w celu podj\u0119cia niezb\u0119dnych dzia\u0142a\u0144 zwi\u0105zanych z zawarciem i&nbsp;wykonaniem umowy z klientem oraz podj\u0119ciem przez Polowiec i Wsp&oacute;lnicy dzia\u0142a\u0144, na Pani\/Pana \u017c\u0105danie, przed zawarciem umowy &ndash; podstaw\u0105 prawn\u0105 przetwarzania danych osobowych w tym zakresie jest art. 6 ust. 1 lit. b Rozporz\u0105dzenia,<\/li>\n<li>w celach wynikaj\u0105cych z prawnie uzasadnionych interes&oacute;w realizowanych przez&nbsp;Polowiec i Wsp&oacute;lnicy jako administratora danych: w&nbsp;celu \u015bwiadczenia us\u0142ug na&nbsp;rzecz Klient&oacute;w, marketingu us\u0142ug Polowiec i Wsp&oacute;lnicy w zakresie przetwarzania w celach statystycznych i raportowania wewn\u0119trznego &ndash; podstaw\u0105 prawn\u0105 przetwarzania danych osobowych w tym zakresie jest art. 6 ust. 1 lit. f Rozporz\u0105dzenia,<\/li>\n<li>ustalenia i dochodzenia w\u0142asnych roszcze\u0144 lub obrony przed zg\u0142oszonymi roszczeniami &#8211; podstaw\u0105 prawn\u0105 przetwarzania danych osobowych w tym zakresie jest prawnie uzasadniony interes realizowany przez Polowiec i Wsp&oacute;lnicy, tj. art. 6 ust. 1 lit. f Rozporz\u0105dzenia,<\/li>\n<li>wype\u0142nienia obowi\u0105zk&oacute;w prawnych ci\u0105\u017c\u0105cych na Polowiec i Wsp&oacute;lnicy w zwi\u0105zku z prowadzeniem dzia\u0142alno\u015bci gospodarczej oraz w zwi\u0105zku z realizacj\u0105 umowy &#8211; podstaw\u0105 prawn\u0105 przetwarzania danych osobowych w tym zakresie jest art. 6 ust. 1 lit. c Rozporz\u0105dzenia,<\/li>\n<li>prowadzenia rekrutacji os&oacute;b zainteresowanych prac\u0105 lub wsp&oacute;\u0142prac\u0105 z&nbsp;Polowiec i Wsp&oacute;lnicy podstaw\u0105 prawn\u0105 przetwarzania danych osobowych w tym zakresie jest art. 6 ust. 1 lit. a oraz art. 6 ust. 1 lit. c Rozporz\u0105dzenia.\n<\/li>\n<\/ul>\n<\/li>\n<li><strong>Informacja o okresach przetwarzania danych osobowych<br \/><\/strong>Dane osobowe b\u0119d\u0105 przetwarzane, odpowiednio, do czasu zrealizowania w\u0142a\u015bciwych prawnie uzasadnionych interes&oacute;w realizowanych przez Polowiec i Wsp&oacute;lnicy jako Administratora danych zwi\u0105zanych z przetwarzaniem okre\u015blonych danych, do czasu up\u0142ywu termin&oacute;w przedawnienia zwi\u0105zanych z umow\u0105, z kt&oacute;r\u0105 jest zwi\u0105zane przetwarzanie danych osobowych, lub zwi\u0105zanych z przedawnieniem obowi\u0105zk&oacute;w wynikaj\u0105cych z przepis&oacute;w prawa, do czasu wniesienia sprzeciwu w zakresie przetwarzania w celach marketingowych.\n<\/li>\n<li><strong>Informacja o odbiorcach danych osobowych<br \/><\/strong>Dane s\u0105 przeznaczone dla Polowiec i Wsp&oacute;lnicy oraz mog\u0105 by\u0107 przekazane nast\u0119puj\u0105cym odbiorcom:\n<ul>\n<li>podmiotom i organom, kt&oacute;rym Polowiec i Wsp&oacute;lnicy jest zobowi\u0105zany lub upowa\u017cniony udost\u0119pni\u0107 dane osobowe na podstawie powszechnie obowi\u0105zuj\u0105cych przepis&oacute;w prawa, w tym podmiotom lub organom uprawnionym do otrzymania od Polowiec i Wsp&oacute;lnicy danych osobowych lub uprawnionych do \u017c\u0105dania dost\u0119pu do danych osobowych na podstawie powszechnie obowi\u0105zuj\u0105cych przepis&oacute;w prawa,<\/li>\n<li>podmiotom uczestnicz\u0105cym w procesach niezb\u0119dnych do wykonywania zawartych z&nbsp;osob\u0105, kt&oacute;rej dane dotycz\u0105 um&oacute;w,<\/li>\n<li>podmiotom przetwarzaj\u0105cym dane osobowe osoby, kt&oacute;rej dane dotycz\u0105 w imieniu Polowiec i Wsp&oacute;lnicy na&nbsp;podstawie zawartej z Polowiec i Wsp&oacute;lnicy umowy powierzenia przetwarzania danych osobowych,<\/li>\n<li>podmiotom wspieraj\u0105cym Polowiec i Wsp&oacute;lnicy w procesach biznesowych i w czynno\u015bciach Polowiec i Wsp&oacute;lnicy.\n<\/li>\n<\/ul>\n<\/li>\n<li><strong>Zautomatyzowane podejmowanie decyzji, w tym profilowanie<br \/><\/strong>Profilowanie nale\u017cy rozumie\u0107 jako dowoln\u0105 form\u0119 zautomatyzowanego przetwarzania danych osobowych, kt&oacute;re polega na wykorzystaniu danych osobowych do oceny niekt&oacute;rych cech osoby fizycznej, w szczeg&oacute;lno\u015bci do analizy lub prognozy aspekt&oacute;w dotycz\u0105cych pracy tej osoby fizycznej, jej sytuacji ekonomicznej, zdrowia, osobistych preferencji, zainteresowa\u0144, wiarygodno\u015bci, zachowania, lokalizacji lub przemieszczania si\u0119. Polowiec i Wsp&oacute;lnicy nie przetwarza danych osobowych w wy\u017cej wymieniony spos&oacute;b.\n<\/li>\n<li><strong>Prawa osoby, kt&oacute;rej dane dotycz\u0105<br \/><\/strong>Przys\u0142uguje Pani\/Panu prawo dost\u0119pu do Pani\/Pana danych osobowych, prawo \u017c\u0105dania ich sprostowania, usuni\u0119cia, ograniczenia przetwarzania na warunkach wynikaj\u0105cych z&nbsp;Rozporz\u0105dzenia.<br \/>W zakresie w jakim podstaw\u0105 przetwarzania Pani\/Pana danych osobowych jest przes\u0142anka prawnie uzasadnionego interesu Polowiec i Wsp&oacute;lnicy, przys\u0142uguje Pani\/Panu prawo wniesienia sprzeciwu wobec przetwarzania Pani\/Pana danych osobowych.<br \/>W zakresie, w jakim podstaw\u0105 przetwarzania Pani\/Pana danych osobowych jest zgoda, ma&nbsp;Pani\/Pan prawo wycofania zgody. Wycofanie zgody nie ma wp\u0142ywu na zgodno\u015b\u0107 przetwarzania, kt&oacute;rego dokonano na podstawie zgody przed jej wycofaniem.<br \/>W zakresie, w jakim Pani\/Pana dane osobowe s\u0105 przetwarzane w celu zawarcia i wykonania umowy lub przetwarzane na podstawie zgody &ndash; przys\u0142uguje Pani\/Panu tak\u017ce prawo do przenoszenia danych osobowych, tj. prawo do otrzymania od Polowiec i Wsp&oacute;lnicy Pani\/Pana danych osobowych, w ustrukturyzowanym, powszechnie u\u017cywanym formacie nadaj\u0105cym si\u0119 do odczytu maszynowego (mo\u017ce Pani\/Pan przes\u0142a\u0107 te dane innemu administratorowi danych).<br \/><strong>W zakresie w jakim Pani\/Pana dane osobowe s\u0105 przetwarzane w celu promocji i&nbsp;marketingu dzia\u0142alno\u015bci prowadzonej przez Polowiec i Wsp&oacute;lnicy &ndash; przys\u0142uguje Pani\/Panu prawo do&nbsp;wniesienia w dowolnym momencie sprzeciwu wobec przetwarzania Pani\/Pana danych na potrzeby promocji i marketingu dzia\u0142alno\u015bci prowadzonej przez Polowiec i Wsp&oacute;lnicy, w tym profilowania, w zakresie w jakim przetwarzanie jest zwi\u0105zane z&nbsp;promocj\u0105 i marketingiem dzia\u0142alno\u015bci prowadzonej przez Polowiec i Wsp&oacute;lnicy.<\/strong><br \/><strong>Przys\u0142uguje Pani\/Panu r&oacute;wnie\u017c prawo do wniesienia skargi do organu nadzoruj\u0105cego przestrzeganie Rozporz\u0105dzenia Prezesa Urz\u0119du Ochrony Danych Osobowych w sytuacji, gdy istnieje podejrzenie, \u017ce przetwarzanie Pani\/Pana danych osobowych narusza przepisy o&nbsp;ochronie danych osobowych.\n<p><\/strong><\/li>\n<li><strong>\u0179r&oacute;d\u0142o pochodzenia danych<br \/><\/strong>Informacja dotyczy danych osobowych pozyskanych w inny spos&oacute;b ni\u017c od osoby, kt&oacute;rej dane dotycz\u0105.<br \/>Pani\/Pana dane mog\u0105 pochodzi\u0107 od mocodawcy (w przypadku udzielonego pe\u0142nomocnictwa), przedstawiciela ustawowego, a tak\u017ce \u017ar&oacute;de\u0142 powszechnie dost\u0119pnych (np. baz i rejestr&oacute;w: REGON, Centralnej Ewidencji Dzia\u0142alno\u015bci Gospodarczej (CEIDG), Krajowego Rejestru S\u0105dowego) oraz os&oacute;b\/podmiot&oacute;w maj\u0105cych podstaw\u0119 do udost\u0119pnienia Pani\/Pana danych.\n<\/li>\n<li><strong>Przekazanie danych osobowych do pa\u0144stwa trzeciego<br \/><\/strong>Polowiec i Wsp&oacute;lnicy w przypadkach uzasadnionych i koniecznych, w celu wykonania umowy (np.&nbsp;realizacji Pani\/Pana dyspozycji zwi\u0105zanych z umow\u0105), a tak\u017ce w przypadkach, gdy transfer danych osobowych jest konieczny przeka\u017ce Pani\/Pana dane osobowe do organizacji mi\u0119dzynarodowych (np. SWIFT) lub udost\u0119pni Pani\/Pana dane osobowe podmiotom maj\u0105cym siedzib\u0119 poza Europejskim Obszarem Gospodarczym (EOG).\n<\/li>\n<li><strong>Obowi\u0105zek podania danych osobowych<br \/><\/strong>Podanie przez Pani\u0105\/Pana danych osobowych jest dobrowolne, jednak\u017ce jest warunkiem zawarcia i realizacji umowy oraz ustawowo okre\u015blonych uprawnie\u0144 i obowi\u0105zk&oacute;w Polowiec i Wsp&oacute;lnicy w przypadku niepodania danych osobowych Polowiec i Wsp&oacute;lnicy zmuszony jest odm&oacute;wi\u0107 zawarcia umowy.\n<\/li>\n<li><strong>W zakresie w jakim dane osobowe s\u0105 zbierane na podstawie Pani\/Pana zgody, podanie danych osobowych jest dobrowolne.\n<p><\/strong><\/li>\n<li><strong>Bezpiecze\u0144stwo przetwarzania danych<br \/><\/strong>Aby unikn\u0105\u0107 niepowo\u0142anego lub niew\u0142a\u015bciwego wykorzystania danych osobowych zarz\u0105dzanych przez Polowiec i Wsp&oacute;lnicy, sp&oacute;\u0142ka podj\u0119\u0142a kompleksowe dzia\u0142ania technicznooperacyjne w zakresie bezpiecze\u0144stwa. Procedury w zakresie bezpiecze\u0144stwa s\u0105&nbsp;regularnie poddawane kontroli oraz udoskonalane zgodnie z post\u0119pem technologicznym.<\/li>\n<\/ol>\n","protected":false},"excerpt":{"rendered":"<p>&nbsp;Ochrona danych osobowych &nbsp; Szanowny U\u017cytkowniku, prosimy o uwa\u017cne zapoznanie si\u0119 z poni\u017cszymi informacjami: W zwi\u0105zku z realizacj\u0105 wymog&oacute;w Rozporz\u0105dzenia Parlamentu Europejskiego i Rady (UE) 2016\/679 w sprawie ochrony danych osobowych os&oacute;b fizycznych w zwi\u0105zku z przetwarzaniem danych osobowych i w sprawie swobodnego przep\u0142ywu takich danych oraz uchylenia dyrektywy 95\/46\/WE (og&oacute;lne rozporz\u0105dzenie o ochronie danych [&hellip;]<\/p>\n","protected":false},"author":4,"featured_media":0,"parent":0,"menu_order":1,"comment_status":"closed","ping_status":"open","template":"","meta":{"footnotes":""},"categories":[],"tags":[],"class_list":["post-3087","page","type-page","status-publish","hentry"],"yoast_head":"<!-- This site is optimized with the Yoast SEO plugin v27.2 - https:\/\/yoast.com\/product\/yoast-seo-wordpress\/ -->\n<title>Dane osobowe - Polowiec i Wsp\u00f3lnicy - Kancelaria prawna<\/title>\n<meta name=\"robots\" content=\"index, follow, max-snippet:-1, max-image-preview:large, max-video-preview:-1\" \/>\n<link rel=\"canonical\" href=\"https:\/\/polowiec.pl\/en\/dane-osobowe\/\" \/>\n<meta property=\"og:locale\" content=\"en_US\" \/>\n<meta property=\"og:type\" content=\"article\" \/>\n<meta property=\"og:title\" content=\"Dane osobowe - Polowiec i Wsp\u00f3lnicy - Kancelaria prawna\" \/>\n<meta property=\"og:description\" content=\"&nbsp;Ochrona danych osobowych &nbsp; Szanowny U\u017cytkowniku, prosimy o uwa\u017cne zapoznanie si\u0119 z poni\u017cszymi informacjami: W zwi\u0105zku z realizacj\u0105 wymog&oacute;w Rozporz\u0105dzenia Parlamentu Europejskiego i Rady (UE) 2016\/679 w sprawie ochrony danych osobowych os&oacute;b fizycznych w zwi\u0105zku z przetwarzaniem danych osobowych i w sprawie swobodnego przep\u0142ywu takich danych oraz uchylenia dyrektywy 95\/46\/WE (og&oacute;lne rozporz\u0105dzenie o ochronie danych [&hellip;]\" \/>\n<meta property=\"og:url\" content=\"https:\/\/polowiec.pl\/en\/dane-osobowe\/\" \/>\n<meta property=\"og:site_name\" content=\"Polowiec i Wsp\u00f3lnicy - Kancelaria prawna\" \/>\n<meta property=\"article:publisher\" content=\"https:\/\/www.facebook.com\/polowieciwspolnicy\/\" \/>\n<meta property=\"article:modified_time\" content=\"2019-04-23T18:47:33+00:00\" \/>\n<meta name=\"twitter:card\" content=\"summary_large_image\" \/>\n<meta name=\"twitter:label1\" content=\"Est. reading time\" \/>\n\t<meta name=\"twitter:data1\" content=\"7 minutes\" \/>\n<script type=\"application\/ld+json\" class=\"yoast-schema-graph\">{\"@context\":\"https:\/\/schema.org\",\"@graph\":[{\"@type\":\"WebPage\",\"@id\":\"https:\/\/polowiec.pl\/en\/dane-osobowe\/\",\"url\":\"https:\/\/polowiec.pl\/en\/dane-osobowe\/\",\"name\":\"Dane osobowe - Polowiec i Wsp\u00f3lnicy - Kancelaria prawna\",\"isPartOf\":{\"@id\":\"https:\/\/polowiec.pl\/en\/#website\"},\"datePublished\":\"2019-04-23T08:13:06+00:00\",\"dateModified\":\"2019-04-23T18:47:33+00:00\",\"breadcrumb\":{\"@id\":\"https:\/\/polowiec.pl\/en\/dane-osobowe\/#breadcrumb\"},\"inLanguage\":\"en-US\",\"potentialAction\":[{\"@type\":\"ReadAction\",\"target\":[\"https:\/\/polowiec.pl\/en\/dane-osobowe\/\"]}]},{\"@type\":\"BreadcrumbList\",\"@id\":\"https:\/\/polowiec.pl\/en\/dane-osobowe\/#breadcrumb\",\"itemListElement\":[{\"@type\":\"ListItem\",\"position\":1,\"name\":\"Strona g\u0142\u00f3wna\",\"item\":\"https:\/\/polowiec.pl\/en\/\"},{\"@type\":\"ListItem\",\"position\":2,\"name\":\"Dane osobowe\"}]},{\"@type\":\"WebSite\",\"@id\":\"https:\/\/polowiec.pl\/en\/#website\",\"url\":\"https:\/\/polowiec.pl\/en\/\",\"name\":\"Polowiec i Wsp\u00f3lnicy - Kancelaria prawna\",\"description\":\"Obs\u0142uga prawna\",\"publisher\":{\"@id\":\"https:\/\/polowiec.pl\/en\/#organization\"},\"potentialAction\":[{\"@type\":\"SearchAction\",\"target\":{\"@type\":\"EntryPoint\",\"urlTemplate\":\"https:\/\/polowiec.pl\/en\/?s={search_term_string}\"},\"query-input\":{\"@type\":\"PropertyValueSpecification\",\"valueRequired\":true,\"valueName\":\"search_term_string\"}}],\"inLanguage\":\"en-US\"},{\"@type\":\"Organization\",\"@id\":\"https:\/\/polowiec.pl\/en\/#organization\",\"name\":\"Polowiec i Wsp\u00f3lnicy - Kancelaria prawna\",\"url\":\"https:\/\/polowiec.pl\/en\/\",\"logo\":{\"@type\":\"ImageObject\",\"inLanguage\":\"en-US\",\"@id\":\"https:\/\/polowiec.pl\/en\/#\/schema\/logo\/image\/\",\"url\":\"https:\/\/polowiec.pl\/wp-content\/uploads\/2018\/10\/polowiec_logo2-1.png\",\"contentUrl\":\"https:\/\/polowiec.pl\/wp-content\/uploads\/2018\/10\/polowiec_logo2-1.png\",\"width\":540,\"height\":381,\"caption\":\"Polowiec i Wsp\u00f3lnicy - Kancelaria prawna\"},\"image\":{\"@id\":\"https:\/\/polowiec.pl\/en\/#\/schema\/logo\/image\/\"},\"sameAs\":[\"https:\/\/www.facebook.com\/polowieciwspolnicy\/\",\"https:\/\/www.linkedin.com\/company\/polowiec-i-wsplnicy-sp.j.\/about\/\"]}]}<\/script>\n<!-- \/ Yoast SEO plugin. -->","yoast_head_json":{"title":"Dane osobowe - Polowiec i Wsp\u00f3lnicy - Kancelaria prawna","robots":{"index":"index","follow":"follow","max-snippet":"max-snippet:-1","max-image-preview":"max-image-preview:large","max-video-preview":"max-video-preview:-1"},"canonical":"https:\/\/polowiec.pl\/en\/dane-osobowe\/","og_locale":"en_US","og_type":"article","og_title":"Dane osobowe - Polowiec i Wsp\u00f3lnicy - Kancelaria prawna","og_description":"&nbsp;Ochrona danych osobowych &nbsp; Szanowny U\u017cytkowniku, prosimy o uwa\u017cne zapoznanie si\u0119 z poni\u017cszymi informacjami: W zwi\u0105zku z realizacj\u0105 wymog&oacute;w Rozporz\u0105dzenia Parlamentu Europejskiego i Rady (UE) 2016\/679 w sprawie ochrony danych osobowych os&oacute;b fizycznych w zwi\u0105zku z przetwarzaniem danych osobowych i w sprawie swobodnego przep\u0142ywu takich danych oraz uchylenia dyrektywy 95\/46\/WE (og&oacute;lne rozporz\u0105dzenie o ochronie danych [&hellip;]","og_url":"https:\/\/polowiec.pl\/en\/dane-osobowe\/","og_site_name":"Polowiec i Wsp\u00f3lnicy - Kancelaria prawna","article_publisher":"https:\/\/www.facebook.com\/polowieciwspolnicy\/","article_modified_time":"2019-04-23T18:47:33+00:00","twitter_card":"summary_large_image","twitter_misc":{"Est. reading time":"7 minutes"},"schema":{"@context":"https:\/\/schema.org","@graph":[{"@type":"WebPage","@id":"https:\/\/polowiec.pl\/en\/dane-osobowe\/","url":"https:\/\/polowiec.pl\/en\/dane-osobowe\/","name":"Dane osobowe - Polowiec i Wsp\u00f3lnicy - Kancelaria prawna","isPartOf":{"@id":"https:\/\/polowiec.pl\/en\/#website"},"datePublished":"2019-04-23T08:13:06+00:00","dateModified":"2019-04-23T18:47:33+00:00","breadcrumb":{"@id":"https:\/\/polowiec.pl\/en\/dane-osobowe\/#breadcrumb"},"inLanguage":"en-US","potentialAction":[{"@type":"ReadAction","target":["https:\/\/polowiec.pl\/en\/dane-osobowe\/"]}]},{"@type":"BreadcrumbList","@id":"https:\/\/polowiec.pl\/en\/dane-osobowe\/#breadcrumb","itemListElement":[{"@type":"ListItem","position":1,"name":"Strona g\u0142\u00f3wna","item":"https:\/\/polowiec.pl\/en\/"},{"@type":"ListItem","position":2,"name":"Dane osobowe"}]},{"@type":"WebSite","@id":"https:\/\/polowiec.pl\/en\/#website","url":"https:\/\/polowiec.pl\/en\/","name":"Polowiec i Wsp\u00f3lnicy - Kancelaria prawna","description":"Obs\u0142uga prawna","publisher":{"@id":"https:\/\/polowiec.pl\/en\/#organization"},"potentialAction":[{"@type":"SearchAction","target":{"@type":"EntryPoint","urlTemplate":"https:\/\/polowiec.pl\/en\/?s={search_term_string}"},"query-input":{"@type":"PropertyValueSpecification","valueRequired":true,"valueName":"search_term_string"}}],"inLanguage":"en-US"},{"@type":"Organization","@id":"https:\/\/polowiec.pl\/en\/#organization","name":"Polowiec i Wsp\u00f3lnicy - Kancelaria prawna","url":"https:\/\/polowiec.pl\/en\/","logo":{"@type":"ImageObject","inLanguage":"en-US","@id":"https:\/\/polowiec.pl\/en\/#\/schema\/logo\/image\/","url":"https:\/\/polowiec.pl\/wp-content\/uploads\/2018\/10\/polowiec_logo2-1.png","contentUrl":"https:\/\/polowiec.pl\/wp-content\/uploads\/2018\/10\/polowiec_logo2-1.png","width":540,"height":381,"caption":"Polowiec i Wsp\u00f3lnicy - Kancelaria prawna"},"image":{"@id":"https:\/\/polowiec.pl\/en\/#\/schema\/logo\/image\/"},"sameAs":["https:\/\/www.facebook.com\/polowieciwspolnicy\/","https:\/\/www.linkedin.com\/company\/polowiec-i-wsplnicy-sp.j.\/about\/"]}]}},"_links":{"self":[{"href":"https:\/\/polowiec.pl\/en\/wp-json\/wp\/v2\/pages\/3087","targetHints":{"allow":["GET"]}}],"collection":[{"href":"https:\/\/polowiec.pl\/en\/wp-json\/wp\/v2\/pages"}],"about":[{"href":"https:\/\/polowiec.pl\/en\/wp-json\/wp\/v2\/types\/page"}],"author":[{"embeddable":true,"href":"https:\/\/polowiec.pl\/en\/wp-json\/wp\/v2\/users\/4"}],"replies":[{"embeddable":true,"href":"https:\/\/polowiec.pl\/en\/wp-json\/wp\/v2\/comments?post=3087"}],"version-history":[{"count":0,"href":"https:\/\/polowiec.pl\/en\/wp-json\/wp\/v2\/pages\/3087\/revisions"}],"wp:attachment":[{"href":"https:\/\/polowiec.pl\/en\/wp-json\/wp\/v2\/media?parent=3087"}],"wp:term":[{"taxonomy":"category","embeddable":true,"href":"https:\/\/polowiec.pl\/en\/wp-json\/wp\/v2\/categories?post=3087"},{"taxonomy":"post_tag","embeddable":true,"href":"https:\/\/polowiec.pl\/en\/wp-json\/wp\/v2\/tags?post=3087"}],"curies":[{"name":"wp","href":"https:\/\/api.w.org\/{rel}","templated":true}]}}